{"id":197,"date":"2024-02-03T15:35:05","date_gmt":"2024-02-03T18:35:05","guid":{"rendered":"https:\/\/noticiasdefato.net\/?page_id=197"},"modified":"2026-02-10T17:18:03","modified_gmt":"2026-02-10T20:18:03","slug":"home","status":"publish","type":"page","link":"https:\/\/noticiasdefato.net\/","title":{"rendered":"Home"},"content":{"rendered":"<style>\/*! elementor - v3.19.0 - 07-02-2024 *\/\n.elementor-heading-title{padding:0;margin:0;line-height:1}.elementor-widget-heading .elementor-heading-title[class*=elementor-size-]>a{color:inherit;font-size:inherit;line-height:inherit}.elementor-widget-heading .elementor-heading-title.elementor-size-small{font-size:15px}.elementor-widget-heading .elementor-heading-title.elementor-size-medium{font-size:19px}.elementor-widget-heading .elementor-heading-title.elementor-size-large{font-size:29px}.elementor-widget-heading .elementor-heading-title.elementor-size-xl{font-size:39px}.elementor-widget-heading .elementor-heading-title.elementor-size-xxl{font-size:59px}<\/style>\n<h2>Destaques<\/h2>\n<p>\t\t\t\t<img fetchpriority=\"high\" width=\"750\" height=\"926\" src=\"https:\/\/noticiasdefato.net\/wp-content\/uploads\/2024\/02\/foto-falecido.jpg\" alt=\"MAIS UMA MORTE POR DENGUE SOB A REGIONAL DE SAUDE DE ALFENAS.\" decoding=\"async\" srcset=\"https:\/\/noticiasdefato.net\/wp-content\/uploads\/2024\/02\/foto-falecido.jpg 750w, https:\/\/noticiasdefato.net\/wp-content\/uploads\/2024\/02\/foto-falecido-243x300.jpg 243w, https:\/\/noticiasdefato.net\/wp-content\/uploads\/2024\/02\/foto-falecido-600x741.jpg 600w\" sizes=\"(max-width: 750px) 100vw, 750px\" \/>\t\t\t<\/p>\n<h3><a href=\"https:\/\/noticiasdefato.net\/?p=751\" title=\"MAIS UMA MORTE POR DENGUE SOB A REGIONAL DE SAUDE DE ALFENAS.\" >MAIS UMA MORTE POR DENGUE SOB A REGIONAL DE SAUDE DE ALFENAS.<\/a><\/h3>\n<p>Marcelo Damas Martelli, 58 anos, faleceu ontem, no munic\u00edpio de Campos Gerais, em decorr\u00eancia da dengue. Os casos de dengue est\u00e3o come\u00e7ando a ficar fora de controle. No boletim da<\/p>\n<p>\t\t\t\t<img width=\"504\" height=\"276\" src=\"https:\/\/noticiasdefato.net\/wp-content\/uploads\/2024\/02\/tabela-e1707591844692.jpg\" alt=\"DENGUE 2024 MAIS QUE TRIPLICA EM RELA\u00c7\u00c3O AO MESMO PER\u00cdODO DE 2023\" decoding=\"async\" srcset=\"https:\/\/noticiasdefato.net\/wp-content\/uploads\/2024\/02\/tabela-e1707591844692.jpg 504w, https:\/\/noticiasdefato.net\/wp-content\/uploads\/2024\/02\/tabela-e1707591844692-300x164.jpg 300w\" sizes=\"(max-width: 504px) 100vw, 504px\" \/>\t\t\t<\/p>\n<h3><a href=\"https:\/\/noticiasdefato.net\/?p=693\" title=\"DENGUE 2024 MAIS QUE TRIPLICA EM RELA\u00c7\u00c3O AO MESMO PER\u00cdODO DE 2023\" >DENGUE 2024 MAIS QUE TRIPLICA EM RELA\u00c7\u00c3O AO MESMO PER\u00cdODO DE 2023<\/a><\/h3>\n<p>Minas Gerais lidera casos da doen\u00e7a no pa\u00eds. Alfenas j\u00e1 tem 131 casos prov\u00e1veis, s\u00f3 neste in\u00edcio de ano. Segundo o Minist\u00e9rio da Sa\u00fade, nas quatro primeiras semanas de 2024,<\/p>\n<p>\t\t\t\t<img width=\"507\" height=\"241\" src=\"https:\/\/noticiasdefato.net\/wp-content\/uploads\/2024\/02\/gaeco.png\" alt=\"MPMG deflagra opera\u00e7\u00e3o &#8220;Trem da Alegria&#8221;\" decoding=\"async\" srcset=\"https:\/\/noticiasdefato.net\/wp-content\/uploads\/2024\/02\/gaeco.png 507w, https:\/\/noticiasdefato.net\/wp-content\/uploads\/2024\/02\/gaeco-300x143.png 300w\" sizes=\"(max-width: 507px) 100vw, 507px\" \/>\t\t\t<\/p>\n<h3><a href=\"https:\/\/noticiasdefato.net\/?p=682\" title=\"MPMG deflagra opera\u00e7\u00e3o &#8220;Trem da Alegria&#8221;\" >MPMG deflagra opera\u00e7\u00e3o &#8220;Trem da Alegria&#8221;<\/a><\/h3>\n<p>H\u00e1 mandados de pris\u00e3o expedidos pelo Tribunal de Justi\u00e7a de Minas Gerais (TJMG) em desfavor do prefeito municipal, do procurador-geral do munic\u00edpio, do diretor-geral do Saae, do gestor de obras<\/p>\n<p>\t\t\t\t<img loading=\"lazy\" width=\"720\" height=\"502\" src=\"https:\/\/noticiasdefato.net\/wp-content\/uploads\/2024\/02\/foto-quartel.jpg\" alt=\"CRIMINOSOS INVADEM QUARTEL E LEVAM ARMAMENTOS\" decoding=\"async\" srcset=\"https:\/\/noticiasdefato.net\/wp-content\/uploads\/2024\/02\/foto-quartel.jpg 720w, https:\/\/noticiasdefato.net\/wp-content\/uploads\/2024\/02\/foto-quartel-300x209.jpg 300w, https:\/\/noticiasdefato.net\/wp-content\/uploads\/2024\/02\/foto-quartel-600x418.jpg 600w\" sizes=\"(max-width: 720px) 100vw, 720px\" \/>\t\t\t<\/p>\n<h3><a href=\"https:\/\/noticiasdefato.net\/?p=679\" title=\"CRIMINOSOS INVADEM QUARTEL E LEVAM ARMAMENTOS\" >CRIMINOSOS INVADEM QUARTEL E LEVAM ARMAMENTOS<\/a><\/h3>\n<p>O fato ocorreu na madrugada de 07\/fev\/24. Na madrugada de quarta-feira (07\/fev\/24), o quartel da Pol\u00edcia Militar de Muzambinho, que fica na Rua Duque de Caxias, no centro, foi invadido<\/p>\n<p>\t\t\t\t<img loading=\"lazy\" width=\"719\" height=\"540\" src=\"https:\/\/noticiasdefato.net\/wp-content\/uploads\/2024\/02\/email.jpg\" alt=\"CASO SAMU: ONDE EST\u00c1 A VERDADE?\" decoding=\"async\" srcset=\"https:\/\/noticiasdefato.net\/wp-content\/uploads\/2024\/02\/email.jpg 719w, https:\/\/noticiasdefato.net\/wp-content\/uploads\/2024\/02\/email-300x225.jpg 300w, https:\/\/noticiasdefato.net\/wp-content\/uploads\/2024\/02\/email-600x451.jpg 600w\" sizes=\"(max-width: 719px) 100vw, 719px\" \/>\t\t\t<\/p>\n<h3><a href=\"https:\/\/noticiasdefato.net\/?p=676\" title=\"CASO SAMU: ONDE EST\u00c1 A VERDADE?\" >CASO SAMU: ONDE EST\u00c1 A VERDADE?<\/a><\/h3>\n<p>PUBLICAMOS, NA INTEGRA, RESPOSTA DO SAMU ENCAMINHADA \u00c0 REDA\u00c7\u00c3O DO JNF, NA TARDE DE ONTEM Sobre a pol\u00eamica envolvendo a interrup\u00e7\u00e3o de parte do servi\u00e7os do SAMU em Alfenas, publicamos<\/p>\n<p>\t\t\t\t<img loading=\"lazy\" width=\"600\" height=\"338\" src=\"https:\/\/noticiasdefato.net\/wp-content\/uploads\/2024\/02\/ambulancias.jpg\" alt=\"SAMU SUSPENDE PARTE DO SERVI\u00c7O EM ALFENAS POR FALTA DE PAGAMENTO\" decoding=\"async\" srcset=\"https:\/\/noticiasdefato.net\/wp-content\/uploads\/2024\/02\/ambulancias.jpg 600w, https:\/\/noticiasdefato.net\/wp-content\/uploads\/2024\/02\/ambulancias-300x169.jpg 300w, https:\/\/noticiasdefato.net\/wp-content\/uploads\/2024\/02\/ambulancias-150x85.jpg 150w\" sizes=\"(max-width: 600px) 100vw, 600px\" \/>\t\t\t<\/p>\n<h3><a href=\"https:\/\/noticiasdefato.net\/?p=672\" title=\"SAMU SUSPENDE PARTE DO SERVI\u00c7O EM ALFENAS POR FALTA DE PAGAMENTO\" >SAMU SUSPENDE PARTE DO SERVI\u00c7O EM ALFENAS POR FALTA DE PAGAMENTO<\/a><\/h3>\n<p>Circulou em grupos de WhatsApp um cartaz informando que o Servi\u00e7o secund\u00e1rio de atendimento m\u00f3vel do Samu estar\u00e1 suspenso em Alfenas, at\u00e9 segunda ordem. A reda\u00e7\u00e3o enviou o questionamento sobre<\/p>\n<p>\t\t\t\t<img fetchpriority=\"high\" width=\"750\" height=\"926\" src=\"https:\/\/noticiasdefato.net\/wp-content\/uploads\/2024\/02\/foto-falecido.jpg\" alt=\"MAIS UMA MORTE POR DENGUE SOB A REGIONAL DE SAUDE DE ALFENAS.\" decoding=\"async\" srcset=\"https:\/\/noticiasdefato.net\/wp-content\/uploads\/2024\/02\/foto-falecido.jpg 750w, https:\/\/noticiasdefato.net\/wp-content\/uploads\/2024\/02\/foto-falecido-243x300.jpg 243w, https:\/\/noticiasdefato.net\/wp-content\/uploads\/2024\/02\/foto-falecido-600x741.jpg 600w\" sizes=\"(max-width: 750px) 100vw, 750px\" \/><br \/>\n\t\t\t\t<img width=\"504\" height=\"276\" src=\"https:\/\/noticiasdefato.net\/wp-content\/uploads\/2024\/02\/tabela-e1707591844692.jpg\" alt=\"DENGUE 2024 MAIS QUE TRIPLICA EM RELA\u00c7\u00c3O AO MESMO PER\u00cdODO DE 2023\" decoding=\"async\" srcset=\"https:\/\/noticiasdefato.net\/wp-content\/uploads\/2024\/02\/tabela-e1707591844692.jpg 504w, https:\/\/noticiasdefato.net\/wp-content\/uploads\/2024\/02\/tabela-e1707591844692-300x164.jpg 300w\" sizes=\"(max-width: 504px) 100vw, 504px\" \/><br \/>\n\t\t\t\t<img width=\"507\" height=\"241\" src=\"https:\/\/noticiasdefato.net\/wp-content\/uploads\/2024\/02\/gaeco.png\" alt=\"MPMG deflagra opera\u00e7\u00e3o &#8220;Trem da Alegria&#8221;\" decoding=\"async\" srcset=\"https:\/\/noticiasdefato.net\/wp-content\/uploads\/2024\/02\/gaeco.png 507w, https:\/\/noticiasdefato.net\/wp-content\/uploads\/2024\/02\/gaeco-300x143.png 300w\" sizes=\"(max-width: 507px) 100vw, 507px\" \/><br \/>\n\t\t\t\t<img loading=\"lazy\" width=\"720\" height=\"502\" src=\"https:\/\/noticiasdefato.net\/wp-content\/uploads\/2024\/02\/foto-quartel.jpg\" alt=\"CRIMINOSOS INVADEM QUARTEL E LEVAM ARMAMENTOS\" decoding=\"async\" srcset=\"https:\/\/noticiasdefato.net\/wp-content\/uploads\/2024\/02\/foto-quartel.jpg 720w, https:\/\/noticiasdefato.net\/wp-content\/uploads\/2024\/02\/foto-quartel-300x209.jpg 300w, https:\/\/noticiasdefato.net\/wp-content\/uploads\/2024\/02\/foto-quartel-600x418.jpg 600w\" sizes=\"(max-width: 720px) 100vw, 720px\" \/><br \/>\n\t\t\t\t<img loading=\"lazy\" width=\"719\" height=\"540\" src=\"https:\/\/noticiasdefato.net\/wp-content\/uploads\/2024\/02\/email.jpg\" alt=\"CASO SAMU: ONDE EST\u00c1 A VERDADE?\" decoding=\"async\" srcset=\"https:\/\/noticiasdefato.net\/wp-content\/uploads\/2024\/02\/email.jpg 719w, https:\/\/noticiasdefato.net\/wp-content\/uploads\/2024\/02\/email-300x225.jpg 300w, https:\/\/noticiasdefato.net\/wp-content\/uploads\/2024\/02\/email-600x451.jpg 600w\" sizes=\"(max-width: 719px) 100vw, 719px\" \/><br \/>\n\t\t\t\t<img loading=\"lazy\" width=\"600\" height=\"338\" src=\"https:\/\/noticiasdefato.net\/wp-content\/uploads\/2024\/02\/ambulancias.jpg\" alt=\"SAMU SUSPENDE PARTE DO SERVI\u00c7O EM ALFENAS POR FALTA DE PAGAMENTO\" decoding=\"async\" srcset=\"https:\/\/noticiasdefato.net\/wp-content\/uploads\/2024\/02\/ambulancias.jpg 600w, https:\/\/noticiasdefato.net\/wp-content\/uploads\/2024\/02\/ambulancias-300x169.jpg 300w, https:\/\/noticiasdefato.net\/wp-content\/uploads\/2024\/02\/ambulancias-150x85.jpg 150w\" sizes=\"(max-width: 600px) 100vw, 600px\" \/>\t\t\t<\/p>\n<h2>Den\u00fancias<\/h2>\n<h2>Outras not\u00edcias<\/h2>\n<p>\t\t\t\t\t\t<img loading=\"lazy\" width=\"243\" height=\"300\" src=\"https:\/\/noticiasdefato.net\/wp-content\/uploads\/2024\/02\/foto-falecido-243x300.jpg\" alt=\"MAIS UMA MORTE POR DENGUE SOB A REGIONAL DE SAUDE DE ALFENAS.\" decoding=\"async\" srcset=\"https:\/\/noticiasdefato.net\/wp-content\/uploads\/2024\/02\/foto-falecido-243x300.jpg 243w, https:\/\/noticiasdefato.net\/wp-content\/uploads\/2024\/02\/foto-falecido-600x741.jpg 600w, https:\/\/noticiasdefato.net\/wp-content\/uploads\/2024\/02\/foto-falecido.jpg 750w\" sizes=\"(max-width: 243px) 100vw, 243px\" \/>\t\t\t\t\t\t\t\t\t\t\t\t\t\t\t\t\t<\/p>\n<h3><a href=\"https:\/\/noticiasdefato.net\/?p=751\" title=\"MAIS UMA MORTE POR DENGUE SOB A REGIONAL DE SAUDE DE ALFENAS.\" >MAIS UMA MORTE POR DENGUE SOB A REGIONAL DE SAUDE DE ALFENAS.<\/a><\/h3>\n<p>Marcelo Damas Martelli, 58 anos, faleceu ontem, no munic\u00edpio de Campos Gerais, em decorr\u00eancia da dengue. Os casos de dengue est\u00e3o come\u00e7ando a ficar fora de controle. No boletim da<\/p>\n<p>\t\t\t11 de fevereiro de 2024<br \/>\n\t\t\t\t14:58<br \/>\n\t\t\t\t\t\t<img loading=\"lazy\" width=\"300\" height=\"200\" src=\"https:\/\/noticiasdefato.net\/wp-content\/uploads\/2024\/02\/foto-aviso.jpg\" alt=\"O QUE ABRE E FECHA NO CARNAVAL 2024\" decoding=\"async\" \/>\t\t\t\t\t\t\t\t\t\t\t\t\t\t\t\t\t<\/p>\n<h3><a href=\"https:\/\/noticiasdefato.net\/?p=704\" title=\"O QUE ABRE E FECHA NO CARNAVAL 2024\" >O QUE ABRE E FECHA NO CARNAVAL 2024<\/a><\/h3>\n<p>A Prefeitura Municipal de Alfenas informa o funcionamento dos servi\u00e7os municipais durante o per\u00edodo de Carnaval. De acordo com o Decreto Municipal N\u00ba3.510 publicado em 24 de novembro de 2023,<\/p>\n<p>\t\t\t10 de fevereiro de 2024<br \/>\n\t\t\t\t16:29<br \/>\n\t\t\t\t\t\t<img loading=\"lazy\" width=\"300\" height=\"225\" src=\"https:\/\/noticiasdefato.net\/wp-content\/uploads\/2024\/02\/foto-1-1-300x225.jpg\" alt=\"ATEN\u00c7\u00c3O MOTORISTAS \u00c0S OBRAS DE INTERDI\u00c7\u00c3O PARCIAL OU TOTAL DAS FAIXAS DAS RODOVIAS\" decoding=\"async\" srcset=\"https:\/\/noticiasdefato.net\/wp-content\/uploads\/2024\/02\/foto-1-1-300x225.jpg 300w, https:\/\/noticiasdefato.net\/wp-content\/uploads\/2024\/02\/foto-1-1-600x450.jpg 600w, https:\/\/noticiasdefato.net\/wp-content\/uploads\/2024\/02\/foto-1-1.jpg 768w\" sizes=\"(max-width: 300px) 100vw, 300px\" \/>\t\t\t\t\t\t\t\t\t\t\t\t\t\t\t\t\t<\/p>\n<h3><a href=\"https:\/\/noticiasdefato.net\/?p=699\" title=\"ATEN\u00c7\u00c3O MOTORISTAS \u00c0S OBRAS DE INTERDI\u00c7\u00c3O PARCIAL OU TOTAL DAS FAIXAS DAS RODOVIAS\" >ATEN\u00c7\u00c3O MOTORISTAS \u00c0S OBRAS DE INTERDI\u00c7\u00c3O PARCIAL OU TOTAL DAS FAIXAS DAS RODOVIAS<\/a><\/h3>\n<p>Obras nas rodovias continuam durante o carnaval com programa\u00e7\u00e3o especial.<\/p>\n<p>\t\t\t10 de fevereiro de 2024<br \/>\n\t\t\t\t16:24<br \/>\n\t\t\t\t\t\t<img loading=\"lazy\" width=\"300\" height=\"164\" src=\"https:\/\/noticiasdefato.net\/wp-content\/uploads\/2024\/02\/tabela-e1707591844692-300x164.jpg\" alt=\"DENGUE 2024 MAIS QUE TRIPLICA EM RELA\u00c7\u00c3O AO MESMO PER\u00cdODO DE 2023\" decoding=\"async\" srcset=\"https:\/\/noticiasdefato.net\/wp-content\/uploads\/2024\/02\/tabela-e1707591844692-300x164.jpg 300w, https:\/\/noticiasdefato.net\/wp-content\/uploads\/2024\/02\/tabela-e1707591844692.jpg 504w\" sizes=\"(max-width: 300px) 100vw, 300px\" \/>\t\t\t\t\t\t\t\t\t\t\t\t\t\t\t\t\t<\/p>\n<h3><a href=\"https:\/\/noticiasdefato.net\/?p=693\" title=\"DENGUE 2024 MAIS QUE TRIPLICA EM RELA\u00c7\u00c3O AO MESMO PER\u00cdODO DE 2023\" >DENGUE 2024 MAIS QUE TRIPLICA EM RELA\u00c7\u00c3O AO MESMO PER\u00cdODO DE 2023<\/a><\/h3>\n<p>Minas Gerais lidera casos da doen\u00e7a no pa\u00eds. Alfenas j\u00e1 tem 131 casos prov\u00e1veis, s\u00f3 neste in\u00edcio de ano. Segundo o Minist\u00e9rio da Sa\u00fade, nas quatro primeiras semanas de 2024,<\/p>\n<p>\t\t\t10 de fevereiro de 2024<br \/>\n\t\t\t\t16:10<br \/>\n\t\t\t\t\t\t<img loading=\"lazy\" width=\"300\" height=\"206\" src=\"https:\/\/noticiasdefato.net\/wp-content\/uploads\/2024\/02\/foto-1-e1707594219659-300x206.jpg\" alt=\"ACIDENTE GRAVE EM ALFENAS\" decoding=\"async\" srcset=\"https:\/\/noticiasdefato.net\/wp-content\/uploads\/2024\/02\/foto-1-e1707594219659-300x206.jpg 300w, https:\/\/noticiasdefato.net\/wp-content\/uploads\/2024\/02\/foto-1-e1707594219659-768x529.jpg 768w, https:\/\/noticiasdefato.net\/wp-content\/uploads\/2024\/02\/foto-1-e1707594219659-600x413.jpg 600w, https:\/\/noticiasdefato.net\/wp-content\/uploads\/2024\/02\/foto-1-e1707594219659.jpg 898w\" sizes=\"(max-width: 300px) 100vw, 300px\" \/>\t\t\t\t\t\t\t\t\t\t\t\t\t\t\t\t\t<\/p>\n<h3><a href=\"https:\/\/noticiasdefato.net\/?p=687\" title=\"ACIDENTE GRAVE EM ALFENAS\" >ACIDENTE GRAVE EM ALFENAS<\/a><\/h3>\n<p>Carro em alta velocidade colidiu com outros e fugiu, na Avenida Governador Valadares (altura do posto BR), esquina com a Unifal, na cidade de Alfenas. Informa\u00e7\u00f5es nos chegam que houveram<\/p>\n<p>\t\t\t10 de fevereiro de 2024<br \/>\n\t\t\t\t15:54<br \/>\n\t\t\t\t\t\t<img loading=\"lazy\" width=\"300\" height=\"143\" src=\"https:\/\/noticiasdefato.net\/wp-content\/uploads\/2024\/02\/gaeco-300x143.png\" alt=\"MPMG deflagra opera\u00e7\u00e3o &#8220;Trem da Alegria&#8221;\" decoding=\"async\" srcset=\"https:\/\/noticiasdefato.net\/wp-content\/uploads\/2024\/02\/gaeco-300x143.png 300w, https:\/\/noticiasdefato.net\/wp-content\/uploads\/2024\/02\/gaeco.png 507w\" sizes=\"(max-width: 300px) 100vw, 300px\" \/>\t\t\t\t\t\t\t\t\t\t\t\t\t\t\t\t\t<\/p>\n<h3><a href=\"https:\/\/noticiasdefato.net\/?p=682\" title=\"MPMG deflagra opera\u00e7\u00e3o &#8220;Trem da Alegria&#8221;\" >MPMG deflagra opera\u00e7\u00e3o &#8220;Trem da Alegria&#8221;<\/a><\/h3>\n<p>H\u00e1 mandados de pris\u00e3o expedidos pelo Tribunal de Justi\u00e7a de Minas Gerais (TJMG) em desfavor do prefeito municipal, do procurador-geral do munic\u00edpio, do diretor-geral do Saae, do gestor de obras<\/p>\n<p>\t\t\t10 de fevereiro de 2024<br \/>\n\t\t\t\t15:45<br \/>\n\t\t\t\t\t\t<img loading=\"lazy\" width=\"300\" height=\"209\" src=\"https:\/\/noticiasdefato.net\/wp-content\/uploads\/2024\/02\/foto-quartel-300x209.jpg\" alt=\"CRIMINOSOS INVADEM QUARTEL E LEVAM ARMAMENTOS\" decoding=\"async\" srcset=\"https:\/\/noticiasdefato.net\/wp-content\/uploads\/2024\/02\/foto-quartel-300x209.jpg 300w, https:\/\/noticiasdefato.net\/wp-content\/uploads\/2024\/02\/foto-quartel-600x418.jpg 600w, https:\/\/noticiasdefato.net\/wp-content\/uploads\/2024\/02\/foto-quartel.jpg 720w\" sizes=\"(max-width: 300px) 100vw, 300px\" \/>\t\t\t\t\t\t\t\t\t\t\t\t\t\t\t\t\t<\/p>\n<h3><a href=\"https:\/\/noticiasdefato.net\/?p=679\" title=\"CRIMINOSOS INVADEM QUARTEL E LEVAM ARMAMENTOS\" >CRIMINOSOS INVADEM QUARTEL E LEVAM ARMAMENTOS<\/a><\/h3>\n<p>O fato ocorreu na madrugada de 07\/fev\/24. Na madrugada de quarta-feira (07\/fev\/24), o quartel da Pol\u00edcia Militar de Muzambinho, que fica na Rua Duque de Caxias, no centro, foi invadido<\/p>\n<p>\t\t\t10 de fevereiro de 2024<br \/>\n\t\t\t\t15:31<br \/>\n\t\t\t\t\t\t<img loading=\"lazy\" width=\"300\" height=\"225\" src=\"https:\/\/noticiasdefato.net\/wp-content\/uploads\/2024\/02\/email-300x225.jpg\" alt=\"CASO SAMU: ONDE EST\u00c1 A VERDADE?\" decoding=\"async\" srcset=\"https:\/\/noticiasdefato.net\/wp-content\/uploads\/2024\/02\/email-300x225.jpg 300w, https:\/\/noticiasdefato.net\/wp-content\/uploads\/2024\/02\/email-600x451.jpg 600w, https:\/\/noticiasdefato.net\/wp-content\/uploads\/2024\/02\/email.jpg 719w\" sizes=\"(max-width: 300px) 100vw, 300px\" \/>\t\t\t\t\t\t\t\t\t\t\t\t\t\t\t\t\t<\/p>\n<h3><a href=\"https:\/\/noticiasdefato.net\/?p=676\" title=\"CASO SAMU: ONDE EST\u00c1 A VERDADE?\" >CASO SAMU: ONDE EST\u00c1 A VERDADE?<\/a><\/h3>\n<p>PUBLICAMOS, NA INTEGRA, RESPOSTA DO SAMU ENCAMINHADA \u00c0 REDA\u00c7\u00c3O DO JNF, NA TARDE DE ONTEM Sobre a pol\u00eamica envolvendo a interrup\u00e7\u00e3o de parte do servi\u00e7os do SAMU em Alfenas, publicamos<\/p>\n<p>\t\t\t10 de fevereiro de 2024<br \/>\n\t\t\t\t15:29<br \/>\n\t\t\t\t\t\t<img loading=\"lazy\" width=\"300\" height=\"169\" src=\"https:\/\/noticiasdefato.net\/wp-content\/uploads\/2024\/02\/ambulancias-300x169.jpg\" alt=\"SAMU SUSPENDE PARTE DO SERVI\u00c7O EM ALFENAS POR FALTA DE PAGAMENTO\" decoding=\"async\" srcset=\"https:\/\/noticiasdefato.net\/wp-content\/uploads\/2024\/02\/ambulancias-300x169.jpg 300w, https:\/\/noticiasdefato.net\/wp-content\/uploads\/2024\/02\/ambulancias-150x85.jpg 150w, https:\/\/noticiasdefato.net\/wp-content\/uploads\/2024\/02\/ambulancias.jpg 600w\" sizes=\"(max-width: 300px) 100vw, 300px\" \/>\t\t\t\t\t\t\t\t\t\t\t\t\t\t\t\t\t<\/p>\n<h3><a href=\"https:\/\/noticiasdefato.net\/?p=672\" title=\"SAMU SUSPENDE PARTE DO SERVI\u00c7O EM ALFENAS POR FALTA DE PAGAMENTO\" >SAMU SUSPENDE PARTE DO SERVI\u00c7O EM ALFENAS POR FALTA DE PAGAMENTO<\/a><\/h3>\n<p>Circulou em grupos de WhatsApp um cartaz informando que o Servi\u00e7o secund\u00e1rio de atendimento m\u00f3vel do Samu estar\u00e1 suspenso em Alfenas, at\u00e9 segunda ordem. A reda\u00e7\u00e3o enviou o questionamento sobre<\/p>\n<p>\t\t\t10 de fevereiro de 2024<br \/>\n\t\t\t\t15:26<br \/>\n\t\t\t\t\t\t<img loading=\"lazy\" width=\"300\" height=\"300\" src=\"https:\/\/noticiasdefato.net\/wp-content\/uploads\/2024\/02\/426131374_412511678102617_1769790608834635934_n-edited-300x300.jpg\" alt=\"SUL DE MINAS TEM MAIS UMA MORTE POR DENGUE\" decoding=\"async\" srcset=\"https:\/\/noticiasdefato.net\/wp-content\/uploads\/2024\/02\/426131374_412511678102617_1769790608834635934_n-edited-300x300.jpg 300w, https:\/\/noticiasdefato.net\/wp-content\/uploads\/2024\/02\/426131374_412511678102617_1769790608834635934_n-edited-150x150.jpg 150w, https:\/\/noticiasdefato.net\/wp-content\/uploads\/2024\/02\/426131374_412511678102617_1769790608834635934_n-edited-230x230.jpg 230w, https:\/\/noticiasdefato.net\/wp-content\/uploads\/2024\/02\/426131374_412511678102617_1769790608834635934_n-edited-400x400.jpg 400w, https:\/\/noticiasdefato.net\/wp-content\/uploads\/2024\/02\/426131374_412511678102617_1769790608834635934_n-edited.jpg 525w\" sizes=\"(max-width: 300px) 100vw, 300px\" \/>\t\t\t\t\t\t\t\t\t\t\t\t\t\t\t\t\t<\/p>\n<h3><a href=\"https:\/\/noticiasdefato.net\/?p=634\" title=\"SUL DE MINAS TEM MAIS UMA MORTE POR DENGUE\" >SUL DE MINAS TEM MAIS UMA MORTE POR DENGUE<\/a><\/h3>\n<p>J\u00e1 s\u00e3o 6 mortes em Minas Gerais e mais de 36 mil casos confirmados de dengue. Conforme a SES-MG, h\u00e1 ainda outros 56 \u00f3bitos em investiga\u00e7\u00e3o.<\/p>\n<p>\t\t\t10 de fevereiro de 2024<br \/>\n\t\t\t\t12:19\t\t\t<\/p>\n<style>\/*! elementor - v3.19.0 - 07-02-2024 *\/\n.elementor-widget-image{text-align:center}.elementor-widget-image a{display:inline-block}.elementor-widget-image a img[src$=\".svg\"]{width:48px}.elementor-widget-image img{vertical-align:middle;display:inline-block}<\/style>\n<p>\t\t\t\t\t\t\t\t\t\t<img decoding=\"async\" src=\"https:\/\/noticiasdefato.net\/wp-content\/uploads\/2024\/02\/qr-site-noticias-de-fato-1.png\" title=\"\" alt=\"\" loading=\"lazy\" \/>\t\t\t\t\t\t\t\t\t\t\t\t\t<\/p>\n<style>\n    .flutuar{\n        transform: translatey(0px);\n        animation: float 6s ease-in-out infinite;\n    }\n    @keyframes float{\n        0%{\n            transform: translatey(0px);\n        }\n        50%{\n            transform: translatey(-20px);\n        }\n        100%{\n            transform: translatey(0px);\n        }\n    }\n<\/style>\n","protected":false},"excerpt":{"rendered":"<p>Destaques MAIS UMA MORTE POR DENGUE SOB A REGIONAL DE SAUDE DE ALFENAS. Marcelo Damas Martelli, 58 anos, faleceu ontem, no munic\u00edpio de Campos Gerais, em decorr\u00eancia da dengue. Os casos de dengue est\u00e3o come\u00e7ando a ficar fora de controle. No boletim da DENGUE 2024 MAIS QUE TRIPLICA EM RELA\u00c7\u00c3O AO MESMO PER\u00cdODO DE 2023 Minas Gerais lidera casos da doen\u00e7a no pa\u00eds. Alfenas j\u00e1 &hellip; <a href=\"https:\/\/noticiasdefato.net\/\" class=\"more-link\">Continuar lendo <span class=\"screen-reader-text\">Home<\/span><\/a><\/p>\n","protected":false},"author":1,"featured_media":0,"parent":0,"menu_order":0,"comment_status":"closed","ping_status":"closed","template":"elementor_header_footer","meta":{"footnotes":""},"class_list":["post-197","page","type-page","status-publish","hentry"],"yoast_head":"<!-- This site is optimized with the Yoast SEO plugin v23.2 - https:\/\/yoast.com\/wordpress\/plugins\/seo\/ -->\n<title>Home - Not\u00edcias de Fato<\/title>\n<meta name=\"robots\" content=\"index, follow, max-snippet:-1, max-image-preview:large, max-video-preview:-1\" \/>\n<link rel=\"canonical\" href=\"https:\/\/noticiasdefato.net\/\" \/>\n<meta property=\"og:locale\" content=\"pt_BR\" \/>\n<meta property=\"og:type\" content=\"article\" \/>\n<meta property=\"og:title\" content=\"Home - Not\u00edcias de Fato\" \/>\n<meta property=\"og:description\" content=\"Destaques MAIS UMA MORTE POR DENGUE SOB A REGIONAL DE SAUDE DE ALFENAS. Marcelo Damas Martelli, 58 anos, faleceu ontem, no munic\u00edpio de Campos Gerais, em decorr\u00eancia da dengue. Os casos de dengue est\u00e3o come\u00e7ando a ficar fora de controle. No boletim da DENGUE 2024 MAIS QUE TRIPLICA EM RELA\u00c7\u00c3O AO MESMO PER\u00cdODO DE 2023 Minas Gerais lidera casos da doen\u00e7a no pa\u00eds. Alfenas j\u00e1 &hellip;\" \/>\n<meta property=\"og:url\" content=\"https:\/\/noticiasdefato.net\/\" \/>\n<meta property=\"og:site_name\" content=\"Not\u00edcias de Fato\" \/>\n<meta property=\"article:publisher\" content=\"https:\/\/fb.com\/noticiasdefato.jornal\" \/>\n<meta property=\"article:modified_time\" content=\"2026-02-10T20:18:03+00:00\" \/>\n<meta property=\"og:image\" content=\"https:\/\/noticiasdefato.net\/wp-content\/uploads\/2024\/02\/foto-falecido.jpg\" \/>\n<meta name=\"twitter:card\" content=\"summary_large_image\" \/>\n<meta name=\"twitter:site\" content=\"@noticiasdefato_\" \/>\n<meta name=\"twitter:label1\" content=\"Est. tempo de leitura\" \/>\n\t<meta name=\"twitter:data1\" content=\"9 minutos\" \/>\n<script type=\"application\/ld+json\" class=\"yoast-schema-graph\">{\"@context\":\"https:\/\/schema.org\",\"@graph\":[{\"@type\":\"WebPage\",\"@id\":\"https:\/\/noticiasdefato.net\/\",\"url\":\"https:\/\/noticiasdefato.net\/\",\"name\":\"Home - Not\u00edcias de Fato\",\"isPartOf\":{\"@id\":\"https:\/\/noticiasdefato.net\/#website\"},\"primaryImageOfPage\":{\"@id\":\"https:\/\/noticiasdefato.net\/#primaryimage\"},\"image\":{\"@id\":\"https:\/\/noticiasdefato.net\/#primaryimage\"},\"thumbnailUrl\":\"https:\/\/noticiasdefato.net\/wp-content\/uploads\/2024\/02\/foto-falecido.jpg\",\"datePublished\":\"2024-02-03T18:35:05+00:00\",\"dateModified\":\"2026-02-10T20:18:03+00:00\",\"breadcrumb\":{\"@id\":\"https:\/\/noticiasdefato.net\/#breadcrumb\"},\"inLanguage\":\"pt-BR\",\"potentialAction\":[{\"@type\":\"ReadAction\",\"target\":[\"https:\/\/noticiasdefato.net\/\"]}]},{\"@type\":\"ImageObject\",\"inLanguage\":\"pt-BR\",\"@id\":\"https:\/\/noticiasdefato.net\/#primaryimage\",\"url\":\"https:\/\/noticiasdefato.net\/wp-content\/uploads\/2024\/02\/foto-falecido.jpg\",\"contentUrl\":\"https:\/\/noticiasdefato.net\/wp-content\/uploads\/2024\/02\/foto-falecido.jpg\",\"width\":750,\"height\":926},{\"@type\":\"BreadcrumbList\",\"@id\":\"https:\/\/noticiasdefato.net\/#breadcrumb\",\"itemListElement\":[{\"@type\":\"ListItem\",\"position\":1,\"name\":\"In\u00edcio\",\"item\":\"https:\/\/noticiasdefato.net\/\"},{\"@type\":\"ListItem\",\"position\":2,\"name\":\"Home\"}]},{\"@type\":\"WebSite\",\"@id\":\"https:\/\/noticiasdefato.net\/#website\",\"url\":\"https:\/\/noticiasdefato.net\/\",\"name\":\"Not\u00edcias de Fato\",\"description\":\"Trabalhamos com honestidade, seriedade e com a verdade.\",\"publisher\":{\"@id\":\"https:\/\/noticiasdefato.net\/#organization\"},\"potentialAction\":[{\"@type\":\"SearchAction\",\"target\":{\"@type\":\"EntryPoint\",\"urlTemplate\":\"https:\/\/noticiasdefato.net\/?s={search_term_string}\"},\"query-input\":\"required name=search_term_string\"}],\"inLanguage\":\"pt-BR\"},{\"@type\":\"Organization\",\"@id\":\"https:\/\/noticiasdefato.net\/#organization\",\"name\":\"Not\u00edcias de Fato\",\"url\":\"https:\/\/noticiasdefato.net\/\",\"logo\":{\"@type\":\"ImageObject\",\"inLanguage\":\"pt-BR\",\"@id\":\"https:\/\/noticiasdefato.net\/#\/schema\/logo\/image\/\",\"url\":\"https:\/\/noticiasdefato.net\/wp-content\/uploads\/2024\/02\/cropped-logo_topo.png\",\"contentUrl\":\"https:\/\/noticiasdefato.net\/wp-content\/uploads\/2024\/02\/cropped-logo_topo.png\",\"width\":1948,\"height\":665,\"caption\":\"Not\u00edcias de Fato\"},\"image\":{\"@id\":\"https:\/\/noticiasdefato.net\/#\/schema\/logo\/image\/\"},\"sameAs\":[\"https:\/\/fb.com\/noticiasdefato.jornal\",\"https:\/\/x.com\/noticiasdefato_\",\"https:\/\/instagram.com\/noticiasdefato.jornal\",\"https:\/\/youtube.com\/@JornalNoticiasDeFato\"]}]}<\/script>\n<!-- \/ Yoast SEO plugin. -->","yoast_head_json":{"title":"Home - Not\u00edcias de Fato","robots":{"index":"index","follow":"follow","max-snippet":"max-snippet:-1","max-image-preview":"max-image-preview:large","max-video-preview":"max-video-preview:-1"},"canonical":"https:\/\/noticiasdefato.net\/","og_locale":"pt_BR","og_type":"article","og_title":"Home - Not\u00edcias de Fato","og_description":"Destaques MAIS UMA MORTE POR DENGUE SOB A REGIONAL DE SAUDE DE ALFENAS. Marcelo Damas Martelli, 58 anos, faleceu ontem, no munic\u00edpio de Campos Gerais, em decorr\u00eancia da dengue. Os casos de dengue est\u00e3o come\u00e7ando a ficar fora de controle. No boletim da DENGUE 2024 MAIS QUE TRIPLICA EM RELA\u00c7\u00c3O AO MESMO PER\u00cdODO DE 2023 Minas Gerais lidera casos da doen\u00e7a no pa\u00eds. Alfenas j\u00e1 &hellip;","og_url":"https:\/\/noticiasdefato.net\/","og_site_name":"Not\u00edcias de Fato","article_publisher":"https:\/\/fb.com\/noticiasdefato.jornal","article_modified_time":"2026-02-10T20:18:03+00:00","og_image":[{"url":"https:\/\/noticiasdefato.net\/wp-content\/uploads\/2024\/02\/foto-falecido.jpg"}],"twitter_card":"summary_large_image","twitter_site":"@noticiasdefato_","twitter_misc":{"Est. tempo de leitura":"9 minutos"},"schema":{"@context":"https:\/\/schema.org","@graph":[{"@type":"WebPage","@id":"https:\/\/noticiasdefato.net\/","url":"https:\/\/noticiasdefato.net\/","name":"Home - Not\u00edcias de Fato","isPartOf":{"@id":"https:\/\/noticiasdefato.net\/#website"},"primaryImageOfPage":{"@id":"https:\/\/noticiasdefato.net\/#primaryimage"},"image":{"@id":"https:\/\/noticiasdefato.net\/#primaryimage"},"thumbnailUrl":"https:\/\/noticiasdefato.net\/wp-content\/uploads\/2024\/02\/foto-falecido.jpg","datePublished":"2024-02-03T18:35:05+00:00","dateModified":"2026-02-10T20:18:03+00:00","breadcrumb":{"@id":"https:\/\/noticiasdefato.net\/#breadcrumb"},"inLanguage":"pt-BR","potentialAction":[{"@type":"ReadAction","target":["https:\/\/noticiasdefato.net\/"]}]},{"@type":"ImageObject","inLanguage":"pt-BR","@id":"https:\/\/noticiasdefato.net\/#primaryimage","url":"https:\/\/noticiasdefato.net\/wp-content\/uploads\/2024\/02\/foto-falecido.jpg","contentUrl":"https:\/\/noticiasdefato.net\/wp-content\/uploads\/2024\/02\/foto-falecido.jpg","width":750,"height":926},{"@type":"BreadcrumbList","@id":"https:\/\/noticiasdefato.net\/#breadcrumb","itemListElement":[{"@type":"ListItem","position":1,"name":"In\u00edcio","item":"https:\/\/noticiasdefato.net\/"},{"@type":"ListItem","position":2,"name":"Home"}]},{"@type":"WebSite","@id":"https:\/\/noticiasdefato.net\/#website","url":"https:\/\/noticiasdefato.net\/","name":"Not\u00edcias de Fato","description":"Trabalhamos com honestidade, seriedade e com a verdade.","publisher":{"@id":"https:\/\/noticiasdefato.net\/#organization"},"potentialAction":[{"@type":"SearchAction","target":{"@type":"EntryPoint","urlTemplate":"https:\/\/noticiasdefato.net\/?s={search_term_string}"},"query-input":"required name=search_term_string"}],"inLanguage":"pt-BR"},{"@type":"Organization","@id":"https:\/\/noticiasdefato.net\/#organization","name":"Not\u00edcias de Fato","url":"https:\/\/noticiasdefato.net\/","logo":{"@type":"ImageObject","inLanguage":"pt-BR","@id":"https:\/\/noticiasdefato.net\/#\/schema\/logo\/image\/","url":"https:\/\/noticiasdefato.net\/wp-content\/uploads\/2024\/02\/cropped-logo_topo.png","contentUrl":"https:\/\/noticiasdefato.net\/wp-content\/uploads\/2024\/02\/cropped-logo_topo.png","width":1948,"height":665,"caption":"Not\u00edcias de Fato"},"image":{"@id":"https:\/\/noticiasdefato.net\/#\/schema\/logo\/image\/"},"sameAs":["https:\/\/fb.com\/noticiasdefato.jornal","https:\/\/x.com\/noticiasdefato_","https:\/\/instagram.com\/noticiasdefato.jornal","https:\/\/youtube.com\/@JornalNoticiasDeFato"]}]}},"_links":{"self":[{"href":"https:\/\/noticiasdefato.net\/index.php?rest_route=\/wp\/v2\/pages\/197","targetHints":{"allow":["GET"]}}],"collection":[{"href":"https:\/\/noticiasdefato.net\/index.php?rest_route=\/wp\/v2\/pages"}],"about":[{"href":"https:\/\/noticiasdefato.net\/index.php?rest_route=\/wp\/v2\/types\/page"}],"author":[{"embeddable":true,"href":"https:\/\/noticiasdefato.net\/index.php?rest_route=\/wp\/v2\/users\/1"}],"replies":[{"embeddable":true,"href":"https:\/\/noticiasdefato.net\/index.php?rest_route=%2Fwp%2Fv2%2Fcomments&post=197"}],"version-history":[{"count":235,"href":"https:\/\/noticiasdefato.net\/index.php?rest_route=\/wp\/v2\/pages\/197\/revisions"}],"predecessor-version":[{"id":820,"href":"https:\/\/noticiasdefato.net\/index.php?rest_route=\/wp\/v2\/pages\/197\/revisions\/820"}],"wp:attachment":[{"href":"https:\/\/noticiasdefato.net\/index.php?rest_route=%2Fwp%2Fv2%2Fmedia&parent=197"}],"curies":[{"name":"wp","href":"https:\/\/api.w.org\/{rel}","templated":true}]}}